{"id":340,"date":"2020-11-26T16:39:59","date_gmt":"2020-11-26T16:39:59","guid":{"rendered":"http:\/\/legalisa-cp702.wordpresstemporal.com\/aviso-legal\/"},"modified":"2020-11-26T16:39:59","modified_gmt":"2020-11-26T16:39:59","slug":"aviso-legal","status":"publish","type":"page","link":"https:\/\/legalis.ad\/es\/aviso-legal\/","title":{"rendered":"Aviso Legal"},"content":{"rendered":"<div class=\"wpb-content-wrapper\"><p>[vc_row css_animation=\u00bb\u00bb row_type=\u00bbrow\u00bb use_row_as_full_screen_section=\u00bbno\u00bb type=\u00bbfull_width\u00bb angled_section=\u00bbno\u00bb text_align=\u00bbleft\u00bb background_image_as_pattern=\u00bbwithout_pattern\u00bb][vc_column][qode_elements_holder number_of_columns=\u00bbone_column\u00bb][qode_elements_holder_item advanced_animations=\u00bbno\u00bb item_padding=\u00bb220px 15% 50px\u00bb item_padding_480_600=\u00bb20px 1% 50px\u00bb item_padding_480=\u00bb20px 1% 50px\u00bb][vc_column_text]De:<br \/>\n<strong>LEGAL IS ADVOCATS, SL<\/strong>, societat mercantil de dret andorr\u00e0, propiet\u00e0ria de la marca LEGALIS i del Web <a href=\"http:\/\/www.legalis.ad\">www.legalis.ad<\/a>.<br \/>\n<strong>NRT<\/strong>: L-708876-Y.<br \/>\n<strong>Domicili<\/strong>: C\/ Prat de la Creu, n\u00fam. 93, 1er. pis, d\u2019Andorra la Vella (AD 500), del Principat d\u2019Andorra.<br \/>\n<strong>Tel\u00e8fon<\/strong>: +376 808 111.<br \/>\n<strong>Adre\u00e7a electr\u00f2nica:<\/strong> <a href=\"mailto:info@legalis.ad\">info@legalis.ad<\/a><\/p>\n<p>&nbsp;<\/p>\n<p><strong>Acceptaci\u00f3<\/strong><\/p>\n<p>Aquesta Web \u00e9s de contingut exclusivament informatiu. No implica en cap cas un assessorament o consell jur\u00eddic.<\/p>\n<p>&nbsp;<\/p>\n<p>L&#8217;\u00fas de la Web www.legalis.ad implica l&#8217;expressa i plena acceptaci\u00f3 d\u2019aquestes condicions generals i de totes i cadascuna de les disposicions incloses en aquest av\u00eds legal en la versi\u00f3 publicada en el moment en qu\u00e8 l&#8217;Usuari accedeix al nostre Web. Es<br \/>\nrecomana a l&#8217;Usuari que llegeixi aquest av\u00eds legal cada vegada que accedeixi a www.legalis.ad.<\/p>\n<p>&nbsp;<\/p>\n<p>LEGALIS es reserva d\u2019efectuar canvis, supressions o afegits a www. legalis.ad sense previ av\u00eds. Aquestes modificacions poden afectar els serveis, els continguts i la presentaci\u00f3.<\/p>\n<p>&nbsp;<\/p>\n<p>&nbsp;<\/p>\n<p><strong>Propietat intel\u00b7lectual i industrial<\/strong><\/p>\n<p>S\u00f3n propietat de LEGALIS (o de tercers que ens han cedit els corresponents drets d\u2019\u00fas), i que conseg\u00fcent estan protegits per la normativa de propietat intel\u00b7lectual i industrial, els seg\u00fcents (indicats de manera enunciativa i no limitativa): tots els<br \/>\nelements que apareixen al nostre Web www.legalis.ad, sense limitaci\u00f3 &#8211; fotografies, il\u00b7lustracions, logos, programes, textos, nom de domini, marques, informaci\u00f3, disseny gr\u00e0fic, i qualsevol altra element original de la nostra Web.<\/p>\n<p>&nbsp;<\/p>\n<p>L\u2019Usuari ha de respectar aquests drets i t\u00e9 prohibida qualsevol realitzaci\u00f3 d\u2019actes totals o parcials de reproducci\u00f3, transmissi\u00f3, explotaci\u00f3, utilitzaci\u00f3, alteraci\u00f3, publicaci\u00f3, tractament inform\u00e0tic, distribuci\u00f3, difusi\u00f3, transformaci\u00f3, compilaci\u00f3, modificaci\u00f3, o<br \/>\ncomunicaci\u00f3 p\u00fablica del Web sense el nostre consentiment previ i per escrit.<\/p>\n<p>&nbsp;<\/p>\n<p>L\u2019\u00fas que poden fer els Usuaris del nostre Web es limita a un \u00fas privat i personal dels seus continguts, quedant exclosa qualsevol altra finalitat, i tot sempre de conformitat a la llei.<\/p>\n<p>&nbsp;<\/p>\n<p>&nbsp;<\/p>\n<p><strong>Responsabilitat<\/strong><\/p>\n<p>La nostra Web ha estat creada i posada en marxa per tal que funcioni correctament i sigui accessible a l\u2019Usuari. Ara b\u00e9, certs esdeveniments aliens a nosaltres poden fer que no sempre pugui estar disponible, dels quals no ens en podem fer responsables.<\/p>\n<p>&nbsp;<\/p>\n<p>No ens responsabilitzem dels danys i perjudicis produ\u00efts o que es puguin produir, de cap naturalesa, que es derivin de l&#8217;\u00fas de la informaci\u00f3, del contingut del Web i dels programes que incorpora, i que poguessin ocasionar, a t\u00edtol enunciatiu i no limitatiu: errors o omissions en els continguts, falta de disponibilitat del portal o la transmissi\u00f3 de virus o programes maliciosos o lesius en els continguts, malgrat haver adoptat totes les mesures tecnol\u00f2giques necess\u00e0ries per evitar-ho.<\/p>\n<p>&nbsp;<\/p>\n<p>&nbsp;<\/p>\n<p>La informaci\u00f3 continguda en el Web \u00e9s la vigent en la data de l&#8217;\u00faltima actualitzaci\u00f3, i LEGALIS no garanteix l&#8217;abs\u00e8ncia d&#8217;errors en l&#8217;acc\u00e9s al Web ni en el contingut i adoptar\u00e0 les mesures pertinents per evitar-los, corregir-los i\/o actualitzar-los tan aviat com es detectin o l\u2019Usuari ens en informi.<\/p>\n<p>&nbsp;<\/p>\n<p>L\u2019Usuari \u00e9s responsable de la informaci\u00f3 que ens facilita, i LEGALIS queda eximida de qualsevol responsabilitat en el cas que un tercer acced\u00eds al Web identificant-se amb les dades de l\u2019Usuari.<\/p>\n<p>&nbsp;<\/p>\n<p>L&#8217;Usuari \u00e9s responsable del compliment de les lleis i reglaments en vigor i de les regles aplicables a l&#8217;\u00fas que es realitzi dels productes i aplicacions. Tanmateix, es prohibeix l&#8217;\u00fas del Web contrari a la bona fe, en particular i de manera no exhaustiva: la utilitzaci\u00f3 contr\u00e0ria a la normativa andorrana o que infringeixi els drets de tercers.<\/p>\n<p>&nbsp;<\/p>\n<p>Davant qualsevol problema que es pogu\u00e9s produir en els servidors i sistemes de seguretat del Web com a conseq\u00fc\u00e8ncia directa o indirecta d&#8217;una actuaci\u00f3 dolosa o negligent del Usuari, aquest en ser\u00e0 el responsable.<\/p>\n<p>&nbsp;<\/p>\n<p>&nbsp;<\/p>\n<p><strong>Protecci\u00f3 dades personals<\/strong><br \/>\nEl responsable de tractament de les dades personals dels Usuaris del Web<br \/>\n<a href=\"http:\/\/www.legalis.ad\">www.legalis.ad<\/a> \u00e9s:<br \/>\nLEGAL IS ADVOCATS, SL<br \/>\nNRT L-708876-Y<br \/>\nDomicili: C\/ Prat de la Creu, n\u00fam. 93, 1er. pis, d\u2019Andorra la Vella (AD 500), del<br \/>\nPrincipat d\u2019Andorra.<br \/>\nTel\u00e8fon: +376 808.111<br \/>\nAdre\u00e7a electr\u00f2nica: <a href=\"mailto:info@legalis.ad\">info@legalis.ad<\/a><\/p>\n<p>&nbsp;<\/p>\n<p><strong>\u00c0mbit legal<\/strong><\/p>\n<p>El present Av\u00eds legal es regeix en tots i cadascun dels seus aspectes per la llei\u00a0 andorrana i qualsevol controv\u00e8rsia haur\u00e0 de ser resolta pels Tribunals del Principat d&#8217;Andorra, que s\u00f3n els \u00fanics competents, renunciant l\u2019Usuari a qualsevol altra fur que li pogu\u00e9s correspondre.[\/vc_column_text][\/qode_elements_holder_item][\/qode_elements_holder][\/vc_column][\/vc_row]<\/p>\n<\/div>","protected":false},"excerpt":{"rendered":"<p>[vc_row css_animation=\u00bb\u00bb row_type=\u00bbrow\u00bb use_row_as_full_screen_section=\u00bbno\u00bb type=\u00bbfull_width\u00bb angled_section=\u00bbno\u00bb text_align=\u00bbleft\u00bb background_image_as_pattern=\u00bbwithout_pattern\u00bb][vc_column][qode_elements_holder number_of_columns=\u00bbone_column\u00bb][qode_elements_holder_item advanced_animations=\u00bbno\u00bb item_padding=\u00bb220px 15% 50px\u00bb item_padding_480_600=\u00bb20px 1% 50px\u00bb item_padding_480=\u00bb20px 1% 50px\u00bb][vc_column_text]De: LEGAL IS ADVOCATS, SL, societat mercantil de dret andorr\u00e0, propiet\u00e0ria de la marca LEGALIS i del Web www.legalis.ad. NRT: L-708876-Y. Domicili: C\/ Prat de la Creu,&#8230;<\/p>\n","protected":false},"author":1,"featured_media":0,"parent":0,"menu_order":0,"comment_status":"closed","ping_status":"closed","template":"","meta":{"footnotes":""},"class_list":["post-340","page","type-page","status-publish","hentry"],"_links":{"self":[{"href":"https:\/\/legalis.ad\/es\/wp-json\/wp\/v2\/pages\/340","targetHints":{"allow":["GET"]}}],"collection":[{"href":"https:\/\/legalis.ad\/es\/wp-json\/wp\/v2\/pages"}],"about":[{"href":"https:\/\/legalis.ad\/es\/wp-json\/wp\/v2\/types\/page"}],"author":[{"embeddable":true,"href":"https:\/\/legalis.ad\/es\/wp-json\/wp\/v2\/users\/1"}],"replies":[{"embeddable":true,"href":"https:\/\/legalis.ad\/es\/wp-json\/wp\/v2\/comments?post=340"}],"version-history":[{"count":1,"href":"https:\/\/legalis.ad\/es\/wp-json\/wp\/v2\/pages\/340\/revisions"}],"predecessor-version":[{"id":341,"href":"https:\/\/legalis.ad\/es\/wp-json\/wp\/v2\/pages\/340\/revisions\/341"}],"wp:attachment":[{"href":"https:\/\/legalis.ad\/es\/wp-json\/wp\/v2\/media?parent=340"}],"curies":[{"name":"wp","href":"https:\/\/api.w.org\/{rel}","templated":true}]}}